{"id":1012,"date":"2025-05-16T14:59:41","date_gmt":"2025-05-16T12:59:41","guid":{"rendered":"https:\/\/labeauteautrement.fr\/?page_id=1012"},"modified":"2025-06-16T14:00:10","modified_gmt":"2025-06-16T12:00:10","slug":"lepilation-laser-copy","status":"publish","type":"page","link":"https:\/\/labeauteautrement.fr\/index.php\/lepilation-laser-copy\/","title":{"rendered":"Probl\u00e9matiques de peau &#038; solutions personnalis\u00e9es"},"content":{"rendered":"\t\t<div data-elementor-type=\"wp-page\" data-elementor-id=\"1012\" class=\"elementor elementor-1012\" data-elementor-post-type=\"page\">\n\t\t\t\t<div class=\"elementor-element elementor-element-2b40403 e-flex e-con-boxed e-con e-parent\" data-id=\"2b40403\" data-element_type=\"container\" data-settings=\"{&quot;background_background&quot;:&quot;classic&quot;}\">\n\t\t\t\t\t<div class=\"e-con-inner\">\n\t\t<div class=\"elementor-element elementor-element-d91a7cf e-con-full e-flex e-con e-child\" data-id=\"d91a7cf\" data-element_type=\"container\">\n\t\t\t\t<div class=\"elementor-element elementor-element-bee8a45 elementor-widget__width-initial elementor-widget elementor-widget-heading\" data-id=\"bee8a45\" data-element_type=\"widget\" data-widget_type=\"heading.default\">\n\t\t\t\t<div class=\"elementor-widget-container\">\n\t\t\t\t\t<h2 class=\"elementor-heading-title elementor-size-default\">Probl\u00e9matiques de peau &amp; solutions personnalis\u00e9es<\/h2>\t\t\t\t<\/div>\n\t\t\t\t<\/div>\n\t\t\t\t<div class=\"elementor-element elementor-element-ba1c13c elementor-widget elementor-widget-image\" data-id=\"ba1c13c\" data-element_type=\"widget\" data-widget_type=\"image.default\">\n\t\t\t\t<div class=\"elementor-widget-container\">\n\t\t\t\t\t\t\t\t\t\t\t\t\t\t\t<img fetchpriority=\"high\" decoding=\"async\" width=\"1024\" height=\"683\" src=\"https:\/\/labeauteautrement.fr\/wp-content\/uploads\/2024\/04\/La-beaute-autrement-29-1024x683.jpg\" class=\"attachment-large size-large wp-image-416\" alt=\"\" srcset=\"https:\/\/labeauteautrement.fr\/wp-content\/uploads\/2024\/04\/La-beaute-autrement-29-1024x683.jpg 1024w, https:\/\/labeauteautrement.fr\/wp-content\/uploads\/2024\/04\/La-beaute-autrement-29-300x200.jpg 300w, https:\/\/labeauteautrement.fr\/wp-content\/uploads\/2024\/04\/La-beaute-autrement-29-768x512.jpg 768w, https:\/\/labeauteautrement.fr\/wp-content\/uploads\/2024\/04\/La-beaute-autrement-29-1536x1024.jpg 1536w, https:\/\/labeauteautrement.fr\/wp-content\/uploads\/2024\/04\/La-beaute-autrement-29-2048x1365.jpg 2048w\" sizes=\"(max-width: 1024px) 100vw, 1024px\" \/>\t\t\t\t\t\t\t\t\t\t\t\t\t\t\t<\/div>\n\t\t\t\t<\/div>\n\t\t\t\t<div class=\"elementor-element elementor-element-33d47ec elementor-align-center elementor-widget elementor-widget-button\" data-id=\"33d47ec\" data-element_type=\"widget\" data-widget_type=\"button.default\">\n\t\t\t\t<div class=\"elementor-widget-container\">\n\t\t\t\t\t\t\t\t\t<div class=\"elementor-button-wrapper\">\n\t\t\t\t\t<a class=\"elementor-button elementor-button-link elementor-size-sm\" href=\"https:\/\/labeauteautrement.fr\/index.php\/rdv\/\">\n\t\t\t\t\t\t<span class=\"elementor-button-content-wrapper\">\n\t\t\t\t\t\t\t\t\t<span class=\"elementor-button-text\">Je r\u00e9serve mon bilan d'information <\/span>\n\t\t\t\t\t<\/span>\n\t\t\t\t\t<\/a>\n\t\t\t\t<\/div>\n\t\t\t\t\t\t\t\t<\/div>\n\t\t\t\t<\/div>\n\t\t\t\t<\/div>\n\t\t\t\t\t<\/div>\n\t\t\t\t<\/div>\n\t\t<div class=\"elementor-element elementor-element-e4248d6 e-flex e-con-boxed e-con e-parent\" data-id=\"e4248d6\" data-element_type=\"container\" data-settings=\"{&quot;background_background&quot;:&quot;classic&quot;}\">\n\t\t\t\t\t<div class=\"e-con-inner\">\n\t\t\t\t<div class=\"elementor-element elementor-element-238a6dc elementor-widget elementor-widget-heading\" data-id=\"238a6dc\" data-element_type=\"widget\" data-widget_type=\"heading.default\">\n\t\t\t\t<div class=\"elementor-widget-container\">\n\t\t\t\t\t<h2 class=\"elementor-heading-title elementor-size-default\">Probl\u00e9matiques de peau &amp; solutions personnalis\u00e9es<br><br>\nVotre peau m\u00e9rite un suivi d\u2019experte.<\/h2>\t\t\t\t<\/div>\n\t\t\t\t<\/div>\n\t\t\t\t\t<\/div>\n\t\t\t\t<\/div>\n\t\t<div class=\"elementor-element elementor-element-7c52f8f e-grid e-con-boxed e-con e-parent\" data-id=\"7c52f8f\" data-element_type=\"container\" data-settings=\"{&quot;background_background&quot;:&quot;classic&quot;}\">\n\t\t\t\t\t<div class=\"e-con-inner\">\n\t\t\t\t<div class=\"elementor-element elementor-element-6b4c83c elementor-widget__width-initial elementor-widget elementor-widget-text-editor\" data-id=\"6b4c83c\" data-element_type=\"widget\" data-widget_type=\"text-editor.default\">\n\t\t\t\t<div class=\"elementor-widget-container\">\n\t\t\t\t\t\t\t\t\t<div class=\"x11i5rnm xat24cr x1mh8g0r x1vvkbs xtlvy1s x126k92a\">Je suis Floriane, esth\u00e9ticienne sp\u00e9cialis\u00e9e en soins de la peau depuis bient\u00f4t 15 ans. J\u2019ai fond\u00e9 l\u2019institut La Beaut\u00e9 Autrement pour accompagner chaque cliente avec une approche experte, personnalis\u00e9e et respectueuse, en rapport avec : les Probl\u00e9matiques de peau &amp; solutions personnalis\u00e9es.\u00a0<\/div>\n<div class=\"x11i5rnm xat24cr x1mh8g0r x1vvkbs xtlvy1s x126k92a\">\n<div dir=\"auto\">\n<p>Ici, pas de solution toute faite. Je vous propose des soins qui \u00e9voluent avec votre peau : je commence toujours par un diagnostic sur mesure. Ensemble, nous construisons ensuite un programme de soin progressif, adapt\u00e9 \u00e0 vos besoins et \u00e0 votre mode de vie.<\/p>\n<h2>Peau \u00e0 tendance acn\u00e9ique (adulte ou adolescent)<\/h2>\n<ul>\n<li>Boutons r\u00e9currents, inflammations, imperfections sous-cutan\u00e9es, points noirs \/ com\u00e9dons<br \/>\u2022 Marques post-acn\u00e9, pores obstru\u00e9s, peau grasse ou d\u00e9s\u00e9quilibr\u00e9e\n<p>J&rsquo;utilise des soins correcteurs enrichis en acides doux et actifs purifiants pour r\u00e9guler la production de s\u00e9bum et am\u00e9liorer visiblement la texture de votre peau. J\u2019accompagne \u00e9galement les adolescents avec une approche douce, progressive et rassurante, en cabine et \u00e0 la maison en conseillant la routine id\u00e9ale.<\/p>\n<\/li>\n<\/ul>\n<h2>Taches pigmentaires \/ Taches solaires<\/h2>\n<ul>\n<li>Taches brunes li\u00e9es \u00e0 l\u2019exposition solaire ou \u00e0 l\u2019\u00e2ge<br \/>\u2022 Hyperpigmentation localis\u00e9e ou diffuse\n<p>Je propose des traitements cibl\u00e9s pour r\u00e9duire les taches, unifier le teint et redonner de l\u2019\u00e9clat \u00e0 votre peau. Selon le diagnostic, j\u2019int\u00e8gre des soins en cabine et une routine personnalis\u00e9e \u00e0 domicile, voire des techniques comme la lumi\u00e8re puls\u00e9e (photo-rajeunissement)<\/p>\n<\/li>\n<\/ul>\n<h2>Signes de l\u2019\u00e2ge : rides, perte de fermet\u00e9, rel\u00e2chement cutan\u00e9<\/h2>\n<ul>\n<li>Rides marqu\u00e9es, ridules, peau affin\u00e9e<br \/>\u2022 Manque de fermet\u00e9, rel\u00e2chement de l\u2019ovale\n<p>J\u2019\u00e9labore un protocole anti-\u00e2ge personnalis\u00e9, combinant soins manuels, outils professionnels (ultrasons, cryo, lumi\u00e8re puls\u00e9e\u2026) et actifs performants (vitamines, retinol, peptides, niacinamide, peelings\u2026) pour aider votre peau \u00e0 retrouver tonicit\u00e9, densit\u00e9 et \u00e9clat.<\/p>\n<\/li>\n<\/ul>\n<h2>Peaux sensibles, r\u00e9actives ou \u00e0 rougeurs<\/h2>\n<ul>\n<li>Tiraillements, picotements, \u00e9chauffements<br \/>\u2022 Couperose, rosac\u00e9e l\u00e9g\u00e8re, sensibilit\u00e9 chronique\n<p>Mon approche est douce, progressive, et enti\u00e8rement adapt\u00e9e \u00e0 votre sensibilit\u00e9. Je s\u00e9lectionne des soins et formules qui renforcent la barri\u00e8re cutan\u00e9e et apaisent durablement votre peau (panthenol, aloe vera, c\u00e9ramides coupl\u00e9 \u00e0 de la cryo apaisante\u2026)<\/p>\n<\/li>\n<\/ul>\n<h2>Peaux d\u00e9shydrat\u00e9es, ternes ou fatigu\u00e9es<\/h2>\n<ul>\n<li>Manque d\u2019\u00e9clat, peau qui \u201cboit\u201d les produits, texture rugueuse<br \/>\u2022 Fatigue cutan\u00e9e li\u00e9e au stress, \u00e0 la pollution ou aux saisons\n<p>Je vous aide \u00e0 r\u00e9hydrater en profondeur, \u00e0 relancer l\u2019\u00e9clat naturel de votre peau et \u00e0 retrouver confort et douceur, gr\u00e2ce \u00e0 des soins sur mesure et des actifs hydratants puissants (acide hyaluronique, vitamines\u2026)<\/p>\n<\/li>\n<\/ul>\n<p><strong>\u2728<\/strong><strong> <em>Peelings personnalis\u00e9s pour une peau plus lisse, plus nette et plus lumineuse<\/em><\/strong><\/p>\n<p>Les peelings professionnels r\u00e9alis\u00e9s \u00e0 l\u2019institut sont <strong>personnalis\u00e9s selon votre type de peau, votre sensibilit\u00e9 et vos objectifs<\/strong>.<br \/>En fonction de vos besoins (imperfections, taches pigmentaires, irr\u00e9gularit\u00e9s de texture, exc\u00e8s de s\u00e9bum, perte d\u2019\u00e9clat\u2026), j\u2019utilise des acides sp\u00e9cifiques comme l\u2019acide lactique, salicylique, glycolique ou mand\u00e9lique<\/p>\n<p>Ces peelings permettent de <strong>stimuler le renouvellement cellulaire<\/strong>, <strong>affiner le grain de peau<\/strong> et <strong>corriger visiblement certaines probl\u00e9matiques cutan\u00e9es<\/strong>, tout en respectant la physiologie de votre peau.<br \/>Ils sont int\u00e9gr\u00e9s \u00e0 votre programme de soin de fa\u00e7on progressive et adapt\u00e9e, dans un cadre expert et ma\u00eetris\u00e9.<\/p>\n<p>\u27a1\ufe0f <em>Le peeling peut \u00eatre recommand\u00e9 apr\u00e8s un diagnostic de peau approfondi, en compl\u00e9ment d\u2019autres soins cibl\u00e9s.<\/em><\/p>\n<p><strong>\u2697\ufe0f<\/strong><strong> <em>Des soins cosm\u00e9tiques de haute performance, adapt\u00e9s \u00e0 chaque peau<\/em><\/strong><\/p>\n<p>Au sein de La beaut\u00e9 Autrement, j\u2019ai s\u00e9lection\u00e9 avec exigence plusieurs <strong>marques professionnelles<\/strong> reconnues pour leur efficacit\u00e9, leur tol\u00e9rance cutan\u00e9e et leur compl\u00e9mentarit\u00e9.<br \/>Chacune a ses atouts\u202f: certaines sont id\u00e9ales pour pr\u00e9venir, d\u2019autres sont plus correctives, et cibl\u00e9es.<\/p>\n<p>Ces cosm\u00e9tiques sont <strong>sans huile min\u00e9rale, sans parfum ajout\u00e9, sans colorant artificiel<\/strong>, <strong>cruelty-free<\/strong>, biod\u00e9gradables et test\u00e9es sur peaux sensibles.<br \/>Ils r\u00e9pondent \u00e0 des standards \u00e9lev\u00e9s de formulation, souvent proches de la qualit\u00e9 pharmaceutique.<\/p>\n<p>\ud83c\udfaf <em>L\u2019objectif est toujours le m\u00eame : am\u00e9liorer durablement l\u2019\u00e9tat de votre peau, avec des produits actifs, bien tol\u00e9r\u00e9s, choisis pour vous, et avec vous.<\/em><\/p>\n<p><em>\u00a0<\/em><\/p>\n<p>\u27a1\ufe0f Je vous invite \u00e0 prendre rendez-vous pour un diagnostic de peau personnalis\u00e9.<\/p>\n<p>C\u2019est la premi\u00e8re \u00e9tape vers une peau plus belle, plus saine, et plus \u00e9quilibr\u00e9e.\u00a0<br \/><br \/>Probl\u00e9matiques de peau &amp; solutions personnalis\u00e9es<\/p>\n<\/div>\n<\/div>\t\t\t\t\t\t\t\t<\/div>\n\t\t\t\t<\/div>\n\t\t\t\t\t<\/div>\n\t\t\t\t<\/div>\n\t\t<div class=\"elementor-element elementor-element-fe95aaa e-flex e-con-boxed e-con e-parent\" data-id=\"fe95aaa\" data-element_type=\"container\" data-settings=\"{&quot;background_background&quot;:&quot;classic&quot;}\">\n\t\t\t\t\t<div class=\"e-con-inner\">\n\t\t<div class=\"elementor-element elementor-element-fc8bc2e e-con-full e-flex e-con e-child\" data-id=\"fc8bc2e\" data-element_type=\"container\">\n\t\t\t\t<div class=\"elementor-element elementor-element-05a98b8 elementor-widget__width-initial elementor-widget elementor-widget-heading\" data-id=\"05a98b8\" data-element_type=\"widget\" data-widget_type=\"heading.default\">\n\t\t\t\t<div class=\"elementor-widget-container\">\n\t\t\t\t\t<h2 class=\"elementor-heading-title elementor-size-default\">Ce que pensent nos clients<\/h2>\t\t\t\t<\/div>\n\t\t\t\t<\/div>\n\t\t\t\t<div class=\"elementor-element elementor-element-04fb09f elementor-align-center elementor-widget elementor-widget-button\" data-id=\"04fb09f\" data-element_type=\"widget\" data-widget_type=\"button.default\">\n\t\t\t\t<div class=\"elementor-widget-container\">\n\t\t\t\t\t\t\t\t\t<div class=\"elementor-button-wrapper\">\n\t\t\t\t\t<a class=\"elementor-button elementor-button-link elementor-size-sm\" href=\"https:\/\/www.instagram.com\/la_beaute_autrement\/?hl=fr\">\n\t\t\t\t\t\t<span class=\"elementor-button-content-wrapper\">\n\t\t\t\t\t\t\t\t\t<span class=\"elementor-button-text\">Notre instagram<\/span>\n\t\t\t\t\t<\/span>\n\t\t\t\t\t<\/a>\n\t\t\t\t<\/div>\n\t\t\t\t\t\t\t\t<\/div>\n\t\t\t\t<\/div>\n\t\t\t\t<\/div>\n\t\t<div class=\"elementor-element elementor-element-6c1fa8d e-con-full e-flex e-con e-child\" data-id=\"6c1fa8d\" data-element_type=\"container\">\n\t\t\t\t<div class=\"elementor-element elementor-element-0a23d04 elementor-widget elementor-widget-ucaddon_responsive_testemonial_carousel\" data-id=\"0a23d04\" data-element_type=\"widget\" data-widget_type=\"ucaddon_responsive_testemonial_carousel.default\">\n\t\t\t\t<div class=\"elementor-widget-container\">\n\t\t\t\t\t\n<!-- start Testimonial Carousel -->\n\t\t<link id='font-awesome-css' href='https:\/\/labeauteautrement.fr\/wp-content\/plugins\/unlimited-elements-for-elementor-premium\/assets_libraries\/font-awesome6\/fontawesome-all.min.css' type='text\/css' rel='stylesheet' >\n\t\t<link id='font-awesome-4-shim-css' href='https:\/\/labeauteautrement.fr\/wp-content\/plugins\/unlimited-elements-for-elementor-premium\/assets_libraries\/font-awesome6\/fontawesome-v4-shims.min.css' type='text\/css' rel='stylesheet' >\n\t\t<link id='owl-carousel-css' href='https:\/\/labeauteautrement.fr\/wp-content\/plugins\/unlimited-elements-for-elementor-premium\/assets_libraries\/owl-carousel-new\/assets\/owl.carousel.css' type='text\/css' rel='stylesheet' >\n\n<style>\/* widget: Testimonial Carousel *\/\n\n\/* general styles *\/\n.uc_quote_slider{\n  min-height:1px;\n}\n\n#uc_responsive_testemonial_carousel_elementor_0a23d04 *{\n  box-sizing:border-box;\n}\n\n#uc_responsive_testemonial_carousel_elementor_0a23d04 .uc_quote_info .uc_author_avatar {\n  width: 100%;\n}\n\n#uc_responsive_testemonial_carousel_elementor_0a23d04 .uc_quote_info .uc_author {\n  display: inline-flex;\n  align-items: center; \n    text-align:center;\n  }\n\n#uc_responsive_testemonial_carousel_elementor_0a23d04 .uc_stars{\n  display:flex;\n}\n\n#uc_responsive_testemonial_carousel_elementor_0a23d04 .uc_quote_info{\n  display:flex;\n}\n\n#uc_responsive_testemonial_carousel_elementor_0a23d04 *{\n  outline:none;\n}\n\n#uc_responsive_testemonial_carousel_elementor_0a23d04 .ue-image{\n  flex-grow:0;\n  flex-shrink:0;\n}\n\n#uc_responsive_testemonial_carousel_elementor_0a23d04 .uc_quote_info .uc_author_info .uc_company {\n    color: ;\n}\n\n#uc_responsive_testemonial_carousel_elementor_0a23d04 .ue-image-spacing{\n  flex-grow:0;\n  flex-shrink:0;\n}\n\n#uc_responsive_testemonial_carousel_elementor_0a23d04 .ue-icon{\n  display:inline-flex;\n  justify-content:center;\n  align-items:center;\n}\n\n#uc_responsive_testemonial_carousel_elementor_0a23d04 .ue-icon svg{\n  width:1em;\n  height:1em;\n}\n\n#uc_responsive_testemonial_carousel_elementor_0a23d04 .uc_quote_item,\n#uc_responsive_testemonial_carousel_elementor_0a23d04 .ue-flip-item-content{\n  transition: all .3s;\n}\n\n\/* end general styles *\/\n\n\/* carousel type owl *\/\n  #uc_responsive_testemonial_carousel_elementor_0a23d04 .owl-dots {\n    overflow:hidden;\n  }\n\n  #uc_responsive_testemonial_carousel_elementor_0a23d04 .owl-dot {\n    border-radius:50%;\n    display:inline-block;\n  }\n\n  #uc_responsive_testemonial_carousel_elementor_0a23d04 .owl-nav .owl-prev,\n  #uc_responsive_testemonial_carousel_elementor_0a23d04 .owl-nav .owl-next{\n      position:absolute;\n      display:inline-block;\n      text-align:center;\n  }\n\n  \n  \n\n\/* end carousel type owl *\/\n\n\/* carosuel type grid *\/\n.team_member_grid{\n  position:relative;\n  display:grid;\n}\n\n.team_member_grid .ue_grid_item{\n  position:relative;\n  display:flex;\n  flex-direction:column;\n}\n\/* end carousel type grid *\/\n\n<\/style>\n\n<div class=\"uc_quote_slider\" style=\"direction:ltr\" >  \n  <!-- carousel type owl -->\n  \t<div class=\"uc_carousel owl-carousel owl-theme uc-items-wrapper  \" id=\"uc_responsive_testemonial_carousel_elementor_0a23d04\"  >\n          \t\t<div class=\"uc_quote_item ue-item     elementor-repeater-item-f2080b1\">\n\t\t\t<div class=\"uc_quote_info \">\n                \n\t\t\t\t<div class=\"uc_author\">\n                  \t                  \n\t\t\t\t\t<div class=\"uc_author_info\">\n\t\t\t\t\t\t<div class=\"ue_title\">Carole M.<\/div>\t\t\t\t\t\t                        \n\t\t\t\t\t<\/div>\n\t\t\t\t<\/div>\n                <!-- end of credentials -->\n              \n                <div class=\"ue-text\"><p>Au top ! Pour une premi\u00e8re au laser ce n\u2019est pas douloureux ! J\u2019appr\u00e9hendais un peu mais honn\u00eatement je recommande \u00e7a ne fait pas mal ! Et puis avec Floriane qui s\u2019occupe tr\u00e8s bien de ses clientes, aucune crainte ! Je recommande<\/p><\/div>              \n              \t\t\t\t\t              \n              \n              \n                            \n\t\t\t<\/div>\n        <\/div>\n  <!-- end of block item -->\n\t<div class=\"uc_quote_item ue-item     elementor-repeater-item-3ddd293\">\n\t\t\t<div class=\"uc_quote_info \">\n                \n\t\t\t\t<div class=\"uc_author\">\n                  \t                  \n\t\t\t\t\t<div class=\"uc_author_info\">\n\t\t\t\t\t\t<div class=\"ue_title\">Gwendoline R.<\/div>\t\t\t\t\t\t                        \n\t\t\t\t\t<\/div>\n\t\t\t\t<\/div>\n                <!-- end of credentials -->\n              \n                <div class=\"ue-text\"><p>1ere s\u00e9ance d\u2019\u00e9pilation au laser, Floriane a su prendre le temps aux endroits les plus sensibles. Pour les sourcils, une prestation avec soin et des conseils pour un rendu meilleur. Merci<\/p><\/div>              \n              \t\t\t\t\t              \n              \n              \n                            \n\t\t\t<\/div>\n        <\/div>\n  <!-- end of block item -->\n\t<div class=\"uc_quote_item ue-item     elementor-repeater-item-9f56d65\">\n\t\t\t<div class=\"uc_quote_info \">\n                \n\t\t\t\t<div class=\"uc_author\">\n                  \t                  \n\t\t\t\t\t<div class=\"uc_author_info\">\n\t\t\t\t\t\t<div class=\"ue_title\">Virginie M.<\/div>\t\t\t\t\t\t                        \n\t\t\t\t\t<\/div>\n\t\t\t\t<\/div>\n                <!-- end of credentials -->\n              \n                <div class=\"ue-text\"><p>Premier soin dans cet institut et je suis tr\u00e8s satisfaite. L\u2019accueil est tr\u00e8s chaleureux et le soin est d\u2019une tr\u00e8s belle qualit\u00e9 et tr\u00e8s agr\u00e9able. J\u2019ai beaucoup appr\u00e9ci\u00e9. Et en plus de cette prestation, on m\u2019a propos\u00e9 de me maquiller.\nMerci \u00e0 vous pour votre professionnalisme et votre gentillesse.\nA bient\u00f4t<\/p><\/div>              \n              \t\t\t\t\t              \n              \n              \n                            \n\t\t\t<\/div>\n        <\/div>\n  <!-- end of block item -->\n\t<div class=\"uc_quote_item ue-item     elementor-repeater-item-db605eb\">\n\t\t\t<div class=\"uc_quote_info \">\n                \n\t\t\t\t<div class=\"uc_author\">\n                  \t                  \n\t\t\t\t\t<div class=\"uc_author_info\">\n\t\t\t\t\t\t<div class=\"ue_title\">Sylvie P.<\/div>\t\t\t\t\t\t                        \n\t\t\t\t\t<\/div>\n\t\t\t\t<\/div>\n                <!-- end of credentials -->\n              \n                <div class=\"ue-text\"><p>Quelle belle rencontre !!!\nMerci pour ce moment. Des parfums \u00e0 tomber et un soin plus qu\u2019agr\u00e9able.\nMerci mesdames pour le bien \u00eatre que vous d\u00e9gagez. \u00c0 bient\u00f4t <\/p><\/div>              \n              \t\t\t\t\t              \n              \n              \n                            \n\t\t\t<\/div>\n        <\/div>\n  <!-- end of block item -->\n\t<div class=\"uc_quote_item ue-item     elementor-repeater-item-bb7d4db\">\n\t\t\t<div class=\"uc_quote_info \">\n                \n\t\t\t\t<div class=\"uc_author\">\n                  \t                  \n\t\t\t\t\t<div class=\"uc_author_info\">\n\t\t\t\t\t\t<div class=\"ue_title\">Martine B.<\/div>\t\t\t\t\t\t                        \n\t\t\t\t\t<\/div>\n\t\t\t\t<\/div>\n                <!-- end of credentials -->\n              \n                <div class=\"ue-text\"><p>Accueil tr\u00e8s agr\u00e9able et chaleureux Prestation de qualit\u00e9 , matelas chauffant tr\u00e8s confortable De bons conseils donn\u00e9s et d\u2019\u00eatre parfum\u00e9e en sortant est un plus Continuez ainsi <\/p><\/div>              \n              \t\t\t\t\t              \n              \n              \n                            \n\t\t\t<\/div>\n        <\/div>\n  <!-- end of block item -->\n\t<div class=\"uc_quote_item ue-item     elementor-repeater-item-929856f\">\n\t\t\t<div class=\"uc_quote_info \">\n                \n\t\t\t\t<div class=\"uc_author\">\n                  \t                  \n\t\t\t\t\t<div class=\"uc_author_info\">\n\t\t\t\t\t\t<div class=\"ue_title\">Fr\u00e9d\u00e9rique M.<\/div>\t\t\t\t\t\t                        \n\t\t\t\t\t<\/div>\n\t\t\t\t<\/div>\n                <!-- end of credentials -->\n              \n                <div class=\"ue-text\"><p>Moment de d\u00e9tente absolu pendant le soin visage signature : ambiance relaxante, environnement cooconing, produits et technique de qualit\u00e9, massages pendant la pose des diff\u00e9rents soins, esth\u00e9ticienne tr\u00e8s pro. Un voyage sensoriel. Au top !<\/p><\/div>              \n              \t\t\t\t\t              \n              \n              \n                            \n\t\t\t<\/div>\n        <\/div>\n  <!-- end of block item -->\n\t<div class=\"uc_quote_item ue-item     elementor-repeater-item-9291101\">\n\t\t\t<div class=\"uc_quote_info \">\n                \n\t\t\t\t<div class=\"uc_author\">\n                  \t                  \n\t\t\t\t\t<div class=\"uc_author_info\">\n\t\t\t\t\t\t<div class=\"ue_title\">Paul P.<\/div>\t\t\t\t\t\t                        \n\t\t\t\t\t<\/div>\n\t\t\t\t<\/div>\n                <!-- end of credentials -->\n              \n                <div class=\"ue-text\"><p>Ravi d\u2019avoir d\u00e9couvert cet institut mixte qui accueille les hommes aussi, dans un univers sobre, \u00e9l\u00e9gant et tr\u00e8s propre. La g\u00e9rante prends soin de d\u00e9sinfecter entre chaque clients minutieusement et c\u2019est rassurant. Les soins du visage sont \u00e0 recommander : tant pas la relaxation que par les connaissances techniques et les conseils apport\u00e9s par la g\u00e9rante. Merci !<\/p><\/div>              \n              \t\t\t\t\t              \n              \n              \n                            \n\t\t\t<\/div>\n        <\/div>\n  <!-- end of block item -->\n\t<div class=\"uc_quote_item ue-item     elementor-repeater-item-e44d1ca\">\n\t\t\t<div class=\"uc_quote_info \">\n                \n\t\t\t\t<div class=\"uc_author\">\n                  \t                  \n\t\t\t\t\t<div class=\"uc_author_info\">\n\t\t\t\t\t\t<div class=\"ue_title\">Tha\u00efs M.<\/div>\t\t\t\t\t\t                        \n\t\t\t\t\t<\/div>\n\t\t\t\t<\/div>\n                <!-- end of credentials -->\n              \n                <div class=\"ue-text\"><p>Un super accueil, une prestation parfaite et surtout une grande \u00e9coute de la demande ! Je recommande fortement cet institut tenu par une professionnelle qui sait parfaitement ce qu\u2019elle fait et en plus, avec des produits totalement naturels tout en ayant des prix tr\u00e8s int\u00e9ressants ! <\/p><\/div>              \n              \t\t\t\t\t              \n              \n              \n                            \n\t\t\t<\/div>\n        <\/div>\n  <!-- end of block item -->\n\n    <\/div>\t\t\n    <!-- end carousel type owl -->\n\n  <!-- carousel type marquee -->\n    <!-- end carousel type marquee -->\n\n  <!-- carousel type coverflow -->\n    <!-- end carousel type coverflow -->\n\n  <!-- carousel type swipe -->\n    <!-- end carousel type swipe -->\n\n  <!-- carousel type grid -->\n    <!-- end carousel type grid -->\n\n<\/div>\n<!-- end Testimonial Carousel -->\t\t\t\t<\/div>\n\t\t\t\t<\/div>\n\t\t\t\t<\/div>\n\t\t\t\t\t<\/div>\n\t\t\t\t<\/div>\n\t\t\t\t<\/div>\n\t\t","protected":false},"excerpt":{"rendered":"<p>Probl\u00e9matiques de peau &amp; solutions personnalis\u00e9es Je r\u00e9serve mon bilan d&rsquo;information Probl\u00e9matiques de peau &amp; solutions personnalis\u00e9es Votre peau m\u00e9rite un suivi d\u2019experte. Je suis Floriane, esth\u00e9ticienne sp\u00e9cialis\u00e9e en soins de la peau depuis bient\u00f4t 15 ans. J\u2019ai fond\u00e9 l\u2019institut La Beaut\u00e9 Autrement pour accompagner chaque cliente avec une approche experte, personnalis\u00e9e et respectueuse, en [&hellip;]<\/p>\n","protected":false},"author":2,"featured_media":225,"parent":0,"menu_order":0,"comment_status":"closed","ping_status":"closed","template":"","meta":{"ocean_post_layout":"full-screen","ocean_both_sidebars_style":"","ocean_both_sidebars_content_width":0,"ocean_both_sidebars_sidebars_width":0,"ocean_sidebar":"","ocean_second_sidebar":"","ocean_disable_margins":"enable","ocean_add_body_class":"","ocean_shortcode_before_top_bar":"","ocean_shortcode_after_top_bar":"","ocean_shortcode_before_header":"","ocean_shortcode_after_header":"","ocean_has_shortcode":"","ocean_shortcode_after_title":"","ocean_shortcode_before_footer_widgets":"","ocean_shortcode_after_footer_widgets":"","ocean_shortcode_before_footer_bottom":"","ocean_shortcode_after_footer_bottom":"","ocean_display_top_bar":"default","ocean_display_header":"default","ocean_header_style":"","ocean_center_header_left_menu":"","ocean_custom_header_template":"","ocean_custom_logo":0,"ocean_custom_retina_logo":0,"ocean_custom_logo_max_width":0,"ocean_custom_logo_tablet_max_width":0,"ocean_custom_logo_mobile_max_width":0,"ocean_custom_logo_max_height":0,"ocean_custom_logo_tablet_max_height":0,"ocean_custom_logo_mobile_max_height":0,"ocean_header_custom_menu":"","ocean_menu_typo_font_family":"","ocean_menu_typo_font_subset":"","ocean_menu_typo_font_size":0,"ocean_menu_typo_font_size_tablet":0,"ocean_menu_typo_font_size_mobile":0,"ocean_menu_typo_font_size_unit":"px","ocean_menu_typo_font_weight":"","ocean_menu_typo_font_weight_tablet":"","ocean_menu_typo_font_weight_mobile":"","ocean_menu_typo_transform":"","ocean_menu_typo_transform_tablet":"","ocean_menu_typo_transform_mobile":"","ocean_menu_typo_line_height":0,"ocean_menu_typo_line_height_tablet":0,"ocean_menu_typo_line_height_mobile":0,"ocean_menu_typo_line_height_unit":"","ocean_menu_typo_spacing":0,"ocean_menu_typo_spacing_tablet":0,"ocean_menu_typo_spacing_mobile":0,"ocean_menu_typo_spacing_unit":"","ocean_menu_link_color":"","ocean_menu_link_color_hover":"","ocean_menu_link_color_active":"","ocean_menu_link_background":"","ocean_menu_link_hover_background":"","ocean_menu_link_active_background":"","ocean_menu_social_links_bg":"","ocean_menu_social_hover_links_bg":"","ocean_menu_social_links_color":"","ocean_menu_social_hover_links_color":"","ocean_disable_title":"on","ocean_disable_heading":"default","ocean_post_title":"","ocean_post_subheading":"","ocean_post_title_style":"","ocean_post_title_background_color":"","ocean_post_title_background":0,"ocean_post_title_bg_image_position":"","ocean_post_title_bg_image_attachment":"","ocean_post_title_bg_image_repeat":"","ocean_post_title_bg_image_size":"","ocean_post_title_height":0,"ocean_post_title_bg_overlay":0.5,"ocean_post_title_bg_overlay_color":"","ocean_disable_breadcrumbs":"default","ocean_breadcrumbs_color":"","ocean_breadcrumbs_separator_color":"","ocean_breadcrumbs_links_color":"","ocean_breadcrumbs_links_hover_color":"","ocean_display_footer_widgets":"off","ocean_display_footer_bottom":"off","ocean_custom_footer_template":"","footnotes":""},"class_list":["post-1012","page","type-page","status-publish","has-post-thumbnail","hentry","entry","has-media"],"yoast_head":"<!-- This site is optimized with the Yoast SEO plugin v26.0 - https:\/\/yoast.com\/wordpress\/plugins\/seo\/ -->\n<title>Probl\u00e9matiques de peau &amp; solutions personnalis\u00e9es - La Beaut\u00e9 autrement<\/title>\n<meta name=\"description\" content=\"Probl\u00e9matiques de peau &amp; solutions personnalis\u00e9es :Venez d\u00e9couvrir un de nos services : l&#039;\u00e9pilation laser !\" \/>\n<meta name=\"robots\" content=\"index, follow, max-snippet:-1, max-image-preview:large, max-video-preview:-1\" \/>\n<link rel=\"canonical\" href=\"https:\/\/labeauteautrement.fr\/index.php\/lepilation-laser-copy\/\" \/>\n<meta property=\"og:locale\" content=\"fr_FR\" \/>\n<meta property=\"og:type\" content=\"article\" \/>\n<meta property=\"og:title\" content=\"Probl\u00e9matiques de peau &amp; solutions personnalis\u00e9es - La Beaut\u00e9 autrement\" \/>\n<meta property=\"og:description\" content=\"Probl\u00e9matiques de peau &amp; solutions personnalis\u00e9es :Venez d\u00e9couvrir un de nos services : l&#039;\u00e9pilation laser !\" \/>\n<meta property=\"og:url\" content=\"https:\/\/labeauteautrement.fr\/index.php\/lepilation-laser-copy\/\" \/>\n<meta property=\"og:site_name\" content=\"La Beaut\u00e9 autrement\" \/>\n<meta property=\"article:modified_time\" content=\"2025-06-16T12:00:10+00:00\" \/>\n<meta property=\"og:image\" content=\"https:\/\/labeauteautrement.fr\/wp-content\/uploads\/2024\/04\/COVER-FB-ALPHALINE-BTOC-1.jpg\" \/>\n\t<meta property=\"og:image:width\" content=\"851\" \/>\n\t<meta property=\"og:image:height\" content=\"315\" \/>\n\t<meta property=\"og:image:type\" content=\"image\/jpeg\" \/>\n<meta name=\"twitter:card\" content=\"summary_large_image\" \/>\n<meta name=\"twitter:label1\" content=\"Dur\u00e9e de lecture estim\u00e9e\" \/>\n\t<meta name=\"twitter:data1\" content=\"6 minutes\" \/>\n<script type=\"application\/ld+json\" class=\"yoast-schema-graph\">{\"@context\":\"https:\/\/schema.org\",\"@graph\":[{\"@type\":\"WebPage\",\"@id\":\"https:\/\/labeauteautrement.fr\/index.php\/lepilation-laser-copy\/\",\"url\":\"https:\/\/labeauteautrement.fr\/index.php\/lepilation-laser-copy\/\",\"name\":\"Probl\u00e9matiques de peau & solutions personnalis\u00e9es - La Beaut\u00e9 autrement\",\"isPartOf\":{\"@id\":\"https:\/\/labeauteautrement.fr\/#website\"},\"primaryImageOfPage\":{\"@id\":\"https:\/\/labeauteautrement.fr\/index.php\/lepilation-laser-copy\/#primaryimage\"},\"image\":{\"@id\":\"https:\/\/labeauteautrement.fr\/index.php\/lepilation-laser-copy\/#primaryimage\"},\"thumbnailUrl\":\"https:\/\/labeauteautrement.fr\/wp-content\/uploads\/2024\/04\/COVER-FB-ALPHALINE-BTOC-1.jpg\",\"datePublished\":\"2025-05-16T12:59:41+00:00\",\"dateModified\":\"2025-06-16T12:00:10+00:00\",\"description\":\"Probl\u00e9matiques de peau & solutions personnalis\u00e9es :Venez d\u00e9couvrir un de nos services : l'\u00e9pilation laser !\",\"breadcrumb\":{\"@id\":\"https:\/\/labeauteautrement.fr\/index.php\/lepilation-laser-copy\/#breadcrumb\"},\"inLanguage\":\"fr-FR\",\"potentialAction\":[{\"@type\":\"ReadAction\",\"target\":[\"https:\/\/labeauteautrement.fr\/index.php\/lepilation-laser-copy\/\"]}]},{\"@type\":\"ImageObject\",\"inLanguage\":\"fr-FR\",\"@id\":\"https:\/\/labeauteautrement.fr\/index.php\/lepilation-laser-copy\/#primaryimage\",\"url\":\"https:\/\/labeauteautrement.fr\/wp-content\/uploads\/2024\/04\/COVER-FB-ALPHALINE-BTOC-1.jpg\",\"contentUrl\":\"https:\/\/labeauteautrement.fr\/wp-content\/uploads\/2024\/04\/COVER-FB-ALPHALINE-BTOC-1.jpg\",\"width\":851,\"height\":315,\"caption\":\"\u00e9pilation d\u00e9finitive au laser\"},{\"@type\":\"BreadcrumbList\",\"@id\":\"https:\/\/labeauteautrement.fr\/index.php\/lepilation-laser-copy\/#breadcrumb\",\"itemListElement\":[{\"@type\":\"ListItem\",\"position\":1,\"name\":\"Accueil\",\"item\":\"https:\/\/labeauteautrement.fr\/\"},{\"@type\":\"ListItem\",\"position\":2,\"name\":\"Probl\u00e9matiques de peau &#038; solutions personnalis\u00e9es\"}]},{\"@type\":\"WebSite\",\"@id\":\"https:\/\/labeauteautrement.fr\/#website\",\"url\":\"https:\/\/labeauteautrement.fr\/\",\"name\":\"La Beaut\u00e9 autrement\",\"description\":\"Institut de beaut\u00e9 \u00e0 La M\u00e9zi\u00e8re\",\"publisher\":{\"@id\":\"https:\/\/labeauteautrement.fr\/#organization\"},\"potentialAction\":[{\"@type\":\"SearchAction\",\"target\":{\"@type\":\"EntryPoint\",\"urlTemplate\":\"https:\/\/labeauteautrement.fr\/?s={search_term_string}\"},\"query-input\":{\"@type\":\"PropertyValueSpecification\",\"valueRequired\":true,\"valueName\":\"search_term_string\"}}],\"inLanguage\":\"fr-FR\"},{\"@type\":\"Organization\",\"@id\":\"https:\/\/labeauteautrement.fr\/#organization\",\"name\":\"La Beaut\u00e9 autrement\",\"url\":\"https:\/\/labeauteautrement.fr\/\",\"logo\":{\"@type\":\"ImageObject\",\"inLanguage\":\"fr-FR\",\"@id\":\"https:\/\/labeauteautrement.fr\/#\/schema\/logo\/image\/\",\"url\":\"https:\/\/labeauteautrement.fr\/wp-content\/uploads\/2023\/11\/cropped-cropped-fond-transparent-ecriture-noire.png\",\"contentUrl\":\"https:\/\/labeauteautrement.fr\/wp-content\/uploads\/2023\/11\/cropped-cropped-fond-transparent-ecriture-noire.png\",\"width\":3825,\"height\":1835,\"caption\":\"La Beaut\u00e9 autrement\"},\"image\":{\"@id\":\"https:\/\/labeauteautrement.fr\/#\/schema\/logo\/image\/\"},\"sameAs\":[\"https:\/\/www.instagram.com\/la_beaute_autrement\/?hl=fr\"]}]}<\/script>\n<!-- \/ Yoast SEO plugin. -->","yoast_head_json":{"title":"Probl\u00e9matiques de peau & solutions personnalis\u00e9es - La Beaut\u00e9 autrement","description":"Probl\u00e9matiques de peau & solutions personnalis\u00e9es :Venez d\u00e9couvrir un de nos services : l'\u00e9pilation laser !","robots":{"index":"index","follow":"follow","max-snippet":"max-snippet:-1","max-image-preview":"max-image-preview:large","max-video-preview":"max-video-preview:-1"},"canonical":"https:\/\/labeauteautrement.fr\/index.php\/lepilation-laser-copy\/","og_locale":"fr_FR","og_type":"article","og_title":"Probl\u00e9matiques de peau & solutions personnalis\u00e9es - La Beaut\u00e9 autrement","og_description":"Probl\u00e9matiques de peau & solutions personnalis\u00e9es :Venez d\u00e9couvrir un de nos services : l'\u00e9pilation laser !","og_url":"https:\/\/labeauteautrement.fr\/index.php\/lepilation-laser-copy\/","og_site_name":"La Beaut\u00e9 autrement","article_modified_time":"2025-06-16T12:00:10+00:00","og_image":[{"width":851,"height":315,"url":"https:\/\/labeauteautrement.fr\/wp-content\/uploads\/2024\/04\/COVER-FB-ALPHALINE-BTOC-1.jpg","type":"image\/jpeg"}],"twitter_card":"summary_large_image","twitter_misc":{"Dur\u00e9e de lecture estim\u00e9e":"6 minutes"},"schema":{"@context":"https:\/\/schema.org","@graph":[{"@type":"WebPage","@id":"https:\/\/labeauteautrement.fr\/index.php\/lepilation-laser-copy\/","url":"https:\/\/labeauteautrement.fr\/index.php\/lepilation-laser-copy\/","name":"Probl\u00e9matiques de peau & solutions personnalis\u00e9es - La Beaut\u00e9 autrement","isPartOf":{"@id":"https:\/\/labeauteautrement.fr\/#website"},"primaryImageOfPage":{"@id":"https:\/\/labeauteautrement.fr\/index.php\/lepilation-laser-copy\/#primaryimage"},"image":{"@id":"https:\/\/labeauteautrement.fr\/index.php\/lepilation-laser-copy\/#primaryimage"},"thumbnailUrl":"https:\/\/labeauteautrement.fr\/wp-content\/uploads\/2024\/04\/COVER-FB-ALPHALINE-BTOC-1.jpg","datePublished":"2025-05-16T12:59:41+00:00","dateModified":"2025-06-16T12:00:10+00:00","description":"Probl\u00e9matiques de peau & solutions personnalis\u00e9es :Venez d\u00e9couvrir un de nos services : l'\u00e9pilation laser !","breadcrumb":{"@id":"https:\/\/labeauteautrement.fr\/index.php\/lepilation-laser-copy\/#breadcrumb"},"inLanguage":"fr-FR","potentialAction":[{"@type":"ReadAction","target":["https:\/\/labeauteautrement.fr\/index.php\/lepilation-laser-copy\/"]}]},{"@type":"ImageObject","inLanguage":"fr-FR","@id":"https:\/\/labeauteautrement.fr\/index.php\/lepilation-laser-copy\/#primaryimage","url":"https:\/\/labeauteautrement.fr\/wp-content\/uploads\/2024\/04\/COVER-FB-ALPHALINE-BTOC-1.jpg","contentUrl":"https:\/\/labeauteautrement.fr\/wp-content\/uploads\/2024\/04\/COVER-FB-ALPHALINE-BTOC-1.jpg","width":851,"height":315,"caption":"\u00e9pilation d\u00e9finitive au laser"},{"@type":"BreadcrumbList","@id":"https:\/\/labeauteautrement.fr\/index.php\/lepilation-laser-copy\/#breadcrumb","itemListElement":[{"@type":"ListItem","position":1,"name":"Accueil","item":"https:\/\/labeauteautrement.fr\/"},{"@type":"ListItem","position":2,"name":"Probl\u00e9matiques de peau &#038; solutions personnalis\u00e9es"}]},{"@type":"WebSite","@id":"https:\/\/labeauteautrement.fr\/#website","url":"https:\/\/labeauteautrement.fr\/","name":"La Beaut\u00e9 autrement","description":"Institut de beaut\u00e9 \u00e0 La M\u00e9zi\u00e8re","publisher":{"@id":"https:\/\/labeauteautrement.fr\/#organization"},"potentialAction":[{"@type":"SearchAction","target":{"@type":"EntryPoint","urlTemplate":"https:\/\/labeauteautrement.fr\/?s={search_term_string}"},"query-input":{"@type":"PropertyValueSpecification","valueRequired":true,"valueName":"search_term_string"}}],"inLanguage":"fr-FR"},{"@type":"Organization","@id":"https:\/\/labeauteautrement.fr\/#organization","name":"La Beaut\u00e9 autrement","url":"https:\/\/labeauteautrement.fr\/","logo":{"@type":"ImageObject","inLanguage":"fr-FR","@id":"https:\/\/labeauteautrement.fr\/#\/schema\/logo\/image\/","url":"https:\/\/labeauteautrement.fr\/wp-content\/uploads\/2023\/11\/cropped-cropped-fond-transparent-ecriture-noire.png","contentUrl":"https:\/\/labeauteautrement.fr\/wp-content\/uploads\/2023\/11\/cropped-cropped-fond-transparent-ecriture-noire.png","width":3825,"height":1835,"caption":"La Beaut\u00e9 autrement"},"image":{"@id":"https:\/\/labeauteautrement.fr\/#\/schema\/logo\/image\/"},"sameAs":["https:\/\/www.instagram.com\/la_beaute_autrement\/?hl=fr"]}]}},"_links":{"self":[{"href":"https:\/\/labeauteautrement.fr\/index.php\/wp-json\/wp\/v2\/pages\/1012","targetHints":{"allow":["GET"]}}],"collection":[{"href":"https:\/\/labeauteautrement.fr\/index.php\/wp-json\/wp\/v2\/pages"}],"about":[{"href":"https:\/\/labeauteautrement.fr\/index.php\/wp-json\/wp\/v2\/types\/page"}],"author":[{"embeddable":true,"href":"https:\/\/labeauteautrement.fr\/index.php\/wp-json\/wp\/v2\/users\/2"}],"replies":[{"embeddable":true,"href":"https:\/\/labeauteautrement.fr\/index.php\/wp-json\/wp\/v2\/comments?post=1012"}],"version-history":[{"count":30,"href":"https:\/\/labeauteautrement.fr\/index.php\/wp-json\/wp\/v2\/pages\/1012\/revisions"}],"predecessor-version":[{"id":1046,"href":"https:\/\/labeauteautrement.fr\/index.php\/wp-json\/wp\/v2\/pages\/1012\/revisions\/1046"}],"wp:featuredmedia":[{"embeddable":true,"href":"https:\/\/labeauteautrement.fr\/index.php\/wp-json\/wp\/v2\/media\/225"}],"wp:attachment":[{"href":"https:\/\/labeauteautrement.fr\/index.php\/wp-json\/wp\/v2\/media?parent=1012"}],"curies":[{"name":"wp","href":"https:\/\/api.w.org\/{rel}","templated":true}]}}